{"id":2320,"date":"2025-06-17T08:14:35","date_gmt":"2025-06-17T08:14:35","guid":{"rendered":"https:\/\/al-burnec.com\/ungewoehnliche-hochzeit-franciacorta\/"},"modified":"2025-08-07T09:31:44","modified_gmt":"2025-08-07T09:31:44","slug":"ungewoehnliche-hochzeit-franciacorta","status":"publish","type":"page","link":"https:\/\/al-burnec.com\/de\/ungewoehnliche-hochzeit-franciacorta\/","title":{"rendered":"Ungew\u00f6hnliche Hochzeit Franciacorta"},"content":{"rendered":"<!--themify_builder_content-->\n<div id=\"themify_builder_content-2320\" data-postid=\"2320\" class=\"themify_builder_content themify_builder_content-2320 themify_builder tf_clear\">\n                    <div  data-css_id=\"gyag099\" data-lazy=\"1\" class=\"module_row themify_builder_row fullwidth tb_gyag099 tb_first tf_w\">\n                        <div class=\"row_inner col_align_top tb_col_count_1 tf_box tf_rel\">\n                        <div  data-lazy=\"1\" class=\"module_column tb-column col-full tb_mfre299 first\">\n                    <!-- module text -->\n<div  class=\"module module-text tb_cgc7709   \" data-lazy=\"1\">\n        <div  class=\"tb_text_wrap\">\n        <h1> <\/h1>    <\/div>\n<\/div>\n<!-- \/module text -->        <\/div>\n                        <\/div>\n        <\/div>\n                        <div  data-lazy=\"1\" class=\"module_row themify_builder_row tb_su0r770 tf_w\">\n                        <div class=\"row_inner col_align_top tb_col_count_1 tf_box tf_rel\">\n                        <div  data-lazy=\"1\" class=\"module_column tb-column col-full tb_5qxt599 first\">\n                    <!-- module fancy heading -->\n<div  class=\"module module-fancy-heading tb_xydk909  wow\" data-tf-animation=\"fadeIn\" data-lazy=\"1\">\n        <h2 class=\"fancy-heading tf_textc\">\n    <span class=\"main-head tf_block\">\n                    Ungew\u00f6hnliche Hochzeiten            <\/span>\n\n    \n    <span class=\"sub-head tf_block tf_rel\">\n                    Finden Sie mit uns heraus, worum es geht            <\/span>\n    <\/h2>\n<\/div>\n<!-- \/module fancy heading -->\n<!-- module text -->\n<div  class=\"module module-text tb_1b68999    wow\" data-tf-animation=\"fadeInUp\" data-tf-animation_delay=\".3\" data-lazy=\"1\">\n        <div  class=\"tb_text_wrap\">\n        <p class=\"p1\">Wenn Sie eine <span class=\"s1\"><b>ungew\u00f6hnliche Hochzeit in Franciacorta<\/b><\/span> suchen, abseits der Norm, von Einheitszeremonien und \u201ebereits gesehenen\u201c Empf\u00e4ngen, ist Al Burnec der perfekte Rahmen f\u00fcr Sie.<\/p>\n<p class=\"p1\">Unser Agriturismo in <span class=\"s1\"><b>Adro<\/b><\/span>, im Herzen der Franciacorta, beherbergt ungew\u00f6hnliche Hochzeiten f\u00fcr Paare, die es wagen wollen: symbolische Rituale, originelle Kulissen, ma\u00dfgeschneiderte Formate.<\/p>    <\/div>\n<\/div>\n<!-- \/module text -->        <\/div>\n                        <\/div>\n        <\/div>\n                        <div  data-lazy=\"1\" class=\"module_row themify_builder_row tb_nhri009 tf_w\">\n                        <div class=\"row_inner col_align_top tb_col_count_1 tf_box tf_rel\">\n                        <div  data-lazy=\"1\" class=\"module_column tb-column col-full tb_9dos900 first\">\n                            <div  data-lazy=\"1\" class=\"module_subrow themify_builder_sub_row tf_w col_align_middle tb_col_count_2 tb_8j7v900\">\n                <div  data-lazy=\"1\" class=\"module_column sub_column tb_74ab000 first\">\n                    <!-- module image -->\n<div  class=\"module module-image tb_r55y497 image-center rounded  auto_fullwidth tf_mw\" data-lazy=\"1\" data-lax-translate-y=\"(vh*1) 0,(vh*0) -70\" data-lax=\"true\">\n        <div class=\"image-wrap tf_rel tf_mw\">\n            <img loading=\"lazy\" decoding=\"async\" width=\"1500\" height=\"1000\" src=\"https:\/\/al-burnec.com\/wp-content\/uploads\/2025\/06\/2149003488.jpg\" class=\"wp-post-image wp-image-2174\" title=\"2149003488\" alt=\"2149003488\" srcset=\"https:\/\/al-burnec.com\/wp-content\/uploads\/2025\/06\/2149003488.jpg 1500w, https:\/\/al-burnec.com\/wp-content\/uploads\/2025\/06\/2149003488-300x200.jpg 300w, https:\/\/al-burnec.com\/wp-content\/uploads\/2025\/06\/2149003488-1024x683.jpg 1024w, https:\/\/al-burnec.com\/wp-content\/uploads\/2025\/06\/2149003488-768x512.jpg 768w, https:\/\/al-burnec.com\/wp-content\/uploads\/2025\/06\/2149003488-200x133.jpg 200w\" sizes=\"auto, (max-width: 1500px) 100vw, 1500px\" \/>    \n        <\/div>\n    <!-- \/image-wrap -->\n    \n        <\/div>\n<!-- \/module image -->        <\/div>\n                    <div  data-lazy=\"1\" class=\"module_column sub_column tb_6i8h449 last\">\n                    <!-- module text -->\n<div  class=\"module module-text tb_zhor998    wow\" data-tf-animation=\"fadeInRight\" data-lazy=\"1\">\n        <div  class=\"tb_text_wrap\">\n        <h2>Ein ma\u00dfgeschneidertes Unusual Wedding, zwischen Natur und Authentizit\u00e4t<\/h2>\n<div>\n<p class=\"p1\"><span class=\"s1\">Ein <\/span><b>Unusual Wedding in Franciacorta<\/b><span class=\"s1\"> bedeutet:<\/span><\/p>\n<ul>\n<li>\n<p class=\"p1\">Ja sagen zwischen den Weinbergen bei Sonnenuntergang,<\/p>\n<\/li>\n<li>\n<p class=\"p1\">einen Themenempfang erleben, der Ihre Geschichte erz\u00e4hlt,<\/p>\n<\/li>\n<li>\n<p class=\"p1\">einzigartige Rituale w\u00e4hlen wie den Besensprung, den Toast mit Geschirrbruch oder ein Konzert unter den Sternen.<\/p>\n<\/li>\n<\/ul>\n<p class=\"p4\">Und all das ohne Zwang: nur das, was Sie wirklich repr\u00e4sentiert.<\/p>\n<\/div>    <\/div>\n<\/div>\n<!-- \/module text -->        <\/div>\n                    <\/div>\n                <div  data-lazy=\"1\" class=\"module_subrow themify_builder_sub_row tf_w col_align_middle tb_col_count_2 tb_jjiu907\">\n                <div  data-lazy=\"1\" class=\"module_column sub_column tb_lh8c199 first\">\n                    <!-- module text -->\n<div  class=\"module module-text tb_nvga070    wow\" data-tf-animation=\"fadeInLeft\" data-lazy=\"1\">\n        <div  class=\"tb_text_wrap\">\n        <h3>Perfekte Location f\u00fcr ungew\u00f6hnliche Hochzeiten in der N\u00e4he von Brescia<\/h3>\n<p class=\"p1\">Unser Agriturismo ist:<\/p>\n<ul>\n<li>\n<p class=\"p1\">leicht erreichbar von <span class=\"s1\"><b>Brescia<\/b><\/span>, <span class=\"s1\"><b>Bergamo<\/b><\/span>, <span class=\"s1\"><b>Mailand<\/b><\/span>,<\/p>\n<\/li>\n<li>\n<p class=\"p1\">eingebettet in die Natur der Franciacorta,<\/p>\n<\/li>\n<li>\n<p class=\"p1\">eine der wenigen Locations, die es Ihnen erm\u00f6glicht, eine <span class=\"s1\"><b>ungew\u00f6hnliche Hochzeit in Adro<\/b><\/span> zu realisieren, mit der M\u00f6glichkeit einer standesamtlichen, symbolischen oder spirituellen Zeremonie.<\/p>\n<\/li>\n<\/ul>    <\/div>\n<\/div>\n<!-- \/module text -->        <\/div>\n                    <div  data-lazy=\"1\" class=\"module_column sub_column tb_d94q000 last\">\n                    <!-- module image -->\n<div  class=\"module module-image tb_rhky070 image-center rounded  auto_fullwidth tf_mw\" data-lazy=\"1\" data-lax-translate-y=\"(vh*1) 0,(vh*0) -70\" data-lax=\"true\">\n        <div class=\"image-wrap tf_rel tf_mw\">\n            <img loading=\"lazy\" decoding=\"async\" width=\"1500\" height=\"1000\" src=\"https:\/\/al-burnec.com\/wp-content\/uploads\/2025\/06\/10442.jpg\" class=\"wp-post-image wp-image-2176\" title=\"10442\" alt=\"10442\" srcset=\"https:\/\/al-burnec.com\/wp-content\/uploads\/2025\/06\/10442.jpg 1500w, https:\/\/al-burnec.com\/wp-content\/uploads\/2025\/06\/10442-300x200.jpg 300w, https:\/\/al-burnec.com\/wp-content\/uploads\/2025\/06\/10442-1024x683.jpg 1024w, https:\/\/al-burnec.com\/wp-content\/uploads\/2025\/06\/10442-768x512.jpg 768w, https:\/\/al-burnec.com\/wp-content\/uploads\/2025\/06\/10442-200x133.jpg 200w\" sizes=\"auto, (max-width: 1500px) 100vw, 1500px\" \/>    \n        <\/div>\n    <!-- \/image-wrap -->\n    \n        <\/div>\n<!-- \/module image -->        <\/div>\n                    <\/div>\n                <div  data-lazy=\"1\" class=\"module_subrow themify_builder_sub_row tf_w col_align_middle tb_col_count_2 tb_i7kt066\">\n                <div  data-lazy=\"1\" class=\"module_column sub_column tb_x0rf000 first\">\n                    <!-- module image -->\n<div  class=\"module module-image tb_7zou908 image-center rounded  auto_fullwidth tf_mw\" data-lazy=\"1\" data-lax-translate-y=\"(vh*1) 0,(vh*0) -70\" data-lax=\"true\">\n        <div class=\"image-wrap tf_rel tf_mw\">\n            <img loading=\"lazy\" decoding=\"async\" width=\"1500\" height=\"1000\" src=\"https:\/\/al-burnec.com\/wp-content\/uploads\/2025\/06\/6652.jpg\" class=\"wp-post-image wp-image-2178\" title=\"6652\" alt=\"6652\" srcset=\"https:\/\/al-burnec.com\/wp-content\/uploads\/2025\/06\/6652.jpg 1500w, https:\/\/al-burnec.com\/wp-content\/uploads\/2025\/06\/6652-300x200.jpg 300w, https:\/\/al-burnec.com\/wp-content\/uploads\/2025\/06\/6652-1024x683.jpg 1024w, https:\/\/al-burnec.com\/wp-content\/uploads\/2025\/06\/6652-768x512.jpg 768w, https:\/\/al-burnec.com\/wp-content\/uploads\/2025\/06\/6652-200x133.jpg 200w\" sizes=\"auto, (max-width: 1500px) 100vw, 1500px\" \/>    \n        <\/div>\n    <!-- \/image-wrap -->\n    \n        <\/div>\n<!-- \/module image -->        <\/div>\n                    <div  data-lazy=\"1\" class=\"module_column sub_column tb_2vor909 last\">\n                    <!-- module text -->\n<div  class=\"module module-text tb_i32s709    wow\" data-tf-animation=\"fadeInRight\" data-lazy=\"1\">\n        <div  class=\"tb_text_wrap\">\n        <h3>Ideen f\u00fcr Ihr Unusual Wedding in Franciacorta<\/h3>\n<p class=\"p1\">Hier sind einige Ideen, die wir bereits umgesetzt haben:<\/p>\n<ul>\n<li>\n<p class=\"p1\">Hochzeiten im Kino- und Theater-Thema im Agriturismo<\/p>\n<\/li>\n<li>\n<p class=\"p1\">Zeremonien inspiriert von Musikfestivals<\/p>\n<\/li>\n<li>\n<p class=\"p1\">Country-Chic-Empf\u00e4nge mit handgemachten Dekorationen<\/p>\n<\/li>\n<li>\n<p class=\"p1\">Weekend-Hochzeit mit Unterkunft und Aktivit\u00e4ten f\u00fcr die G\u00e4ste<\/p>\n<\/li>\n<\/ul>    <\/div>\n<\/div>\n<!-- \/module text -->        <\/div>\n                    <\/div>\n                <\/div>\n                        <\/div>\n        <\/div>\n                        <div  data-lazy=\"1\" class=\"module_row themify_builder_row tb_stym000 tf_w\">\n                        <div class=\"row_inner col_align_top tb_col_count_1 tf_box tf_rel\">\n                        <div  data-lazy=\"1\" class=\"module_column tb-column col-full tb_3h59964 first\">\n                    <!-- module fancy heading -->\n<div  class=\"module module-fancy-heading tb_nbvo659  wow\" data-tf-animation=\"fadeIn\" data-lazy=\"1\">\n        <h2 class=\"fancy-heading tf_textc\">\n    <span class=\"main-head tf_block\">\n                    Unser Team            <\/span>\n\n    \n    <span class=\"sub-head tf_block tf_rel\">\n                    Bereit, Ihre W\u00fcnsche zu erf\u00fcllen            <\/span>\n    <\/h2>\n<\/div>\n<!-- \/module fancy heading -->\n        <\/div>\n                        <\/div>\n        <\/div>\n                        <div  data-lazy=\"1\" class=\"module_row themify_builder_row tb_lw4x776 tf_w\">\n                        <div class=\"row_inner col_align_top gutter-narrow tb_col_count_5 tf_box tf_rel\">\n                        <div  data-lazy=\"1\" class=\"module_column tb-column col5-1 tb_zpp3600 first\">\n                    <!-- module image -->\n<div  class=\"module module-image tb_a02w609 image-top rounded  auto_fullwidth tf_mw wow\" data-tf-animation=\"fadeInUp\" data-lazy=\"1\">\n        <div class=\"image-wrap tf_rel tf_mw\">\n            <img loading=\"lazy\" decoding=\"async\" width=\"1600\" height=\"2400\" src=\"https:\/\/al-burnec.com\/wp-content\/uploads\/2024\/10\/al-burnec-mattia-profile.jpg\" class=\"wp-post-image wp-image-2026\" title=\"MATTIA\" alt=\"Chefkoch\" srcset=\"https:\/\/al-burnec.com\/wp-content\/uploads\/2024\/10\/al-burnec-mattia-profile.jpg 1600w, https:\/\/al-burnec.com\/wp-content\/uploads\/2024\/10\/al-burnec-mattia-profile-200x300.jpg 200w, https:\/\/al-burnec.com\/wp-content\/uploads\/2024\/10\/al-burnec-mattia-profile-683x1024.jpg 683w, https:\/\/al-burnec.com\/wp-content\/uploads\/2024\/10\/al-burnec-mattia-profile-768x1152.jpg 768w, https:\/\/al-burnec.com\/wp-content\/uploads\/2024\/10\/al-burnec-mattia-profile-133x200.jpg 133w, https:\/\/al-burnec.com\/wp-content\/uploads\/2024\/10\/al-burnec-mattia-profile-1024x1536.jpg 1024w, https:\/\/al-burnec.com\/wp-content\/uploads\/2024\/10\/al-burnec-mattia-profile-1365x2048.jpg 1365w\" sizes=\"auto, (max-width: 1600px) 100vw, 1600px\" \/>    \n        <\/div>\n    <!-- \/image-wrap -->\n    \n        <div class=\"image-content\">\n                    <h4 class=\"image-title\">\n                                    MATTIA                            <\/h4>\n                        <div class=\"image-caption tb_text_wrap\">\n            Chefkoch        <\/div>\n        <!-- \/image-caption -->\n            <\/div>\n    <!-- \/image-content -->\n        <\/div>\n<!-- \/module image -->        <\/div>\n                    <div  data-lazy=\"1\" class=\"module_column tb-column col5-1 tb_9a5h000\">\n                    <!-- module image -->\n<div  class=\"module module-image tb_kvy3001 image-top rounded  auto_fullwidth tf_mw wow\" data-tf-animation=\"fadeInUp\" data-tf-animation_delay=\".3\" data-lazy=\"1\">\n        <div class=\"image-wrap tf_rel tf_mw\">\n            <img loading=\"lazy\" decoding=\"async\" width=\"1600\" height=\"2401\" src=\"https:\/\/al-burnec.com\/wp-content\/uploads\/2024\/10\/Al-Burnec-matteo-profile.jpg\" class=\"wp-post-image wp-image-2028\" title=\"MATTEO\" alt=\"Souschef\" srcset=\"https:\/\/al-burnec.com\/wp-content\/uploads\/2024\/10\/Al-Burnec-matteo-profile.jpg 1600w, https:\/\/al-burnec.com\/wp-content\/uploads\/2024\/10\/Al-Burnec-matteo-profile-200x300.jpg 200w, https:\/\/al-burnec.com\/wp-content\/uploads\/2024\/10\/Al-Burnec-matteo-profile-682x1024.jpg 682w, https:\/\/al-burnec.com\/wp-content\/uploads\/2024\/10\/Al-Burnec-matteo-profile-768x1152.jpg 768w, https:\/\/al-burnec.com\/wp-content\/uploads\/2024\/10\/Al-Burnec-matteo-profile-133x200.jpg 133w, https:\/\/al-burnec.com\/wp-content\/uploads\/2024\/10\/Al-Burnec-matteo-profile-1024x1536.jpg 1024w, https:\/\/al-burnec.com\/wp-content\/uploads\/2024\/10\/Al-Burnec-matteo-profile-1365x2048.jpg 1365w\" sizes=\"auto, (max-width: 1600px) 100vw, 1600px\" \/>    \n        <\/div>\n    <!-- \/image-wrap -->\n    \n        <div class=\"image-content\">\n                    <h4 class=\"image-title\">\n                                    MATTEO                            <\/h4>\n                        <div class=\"image-caption tb_text_wrap\">\n            Souschef        <\/div>\n        <!-- \/image-caption -->\n            <\/div>\n    <!-- \/image-content -->\n        <\/div>\n<!-- \/module image -->        <\/div>\n                    <div  data-lazy=\"1\" class=\"module_column tb-column col5-1 tb_tbt2900\">\n                    <!-- module image -->\n<div  class=\"module module-image tb_g6zj970 image-top rounded  auto_fullwidth tf_mw wow\" data-tf-animation=\"fadeInUp\" data-tf-animation_delay=\"1\" data-lazy=\"1\">\n        <div class=\"image-wrap tf_rel tf_mw\">\n            <img loading=\"lazy\" decoding=\"async\" width=\"1293\" height=\"1939\" src=\"https:\/\/al-burnec.com\/wp-content\/uploads\/2024\/10\/nadia-uberti-home1.jpg\" class=\"wp-post-image wp-image-2010\" title=\"NADIA\" alt=\"Serviceleiterin \/ Inhaberin\" srcset=\"https:\/\/al-burnec.com\/wp-content\/uploads\/2024\/10\/nadia-uberti-home1.jpg 1293w, https:\/\/al-burnec.com\/wp-content\/uploads\/2024\/10\/nadia-uberti-home1-200x300.jpg 200w, https:\/\/al-burnec.com\/wp-content\/uploads\/2024\/10\/nadia-uberti-home1-683x1024.jpg 683w, https:\/\/al-burnec.com\/wp-content\/uploads\/2024\/10\/nadia-uberti-home1-768x1152.jpg 768w, https:\/\/al-burnec.com\/wp-content\/uploads\/2024\/10\/nadia-uberti-home1-133x200.jpg 133w, https:\/\/al-burnec.com\/wp-content\/uploads\/2024\/10\/nadia-uberti-home1-1024x1536.jpg 1024w, https:\/\/al-burnec.com\/wp-content\/uploads\/2024\/10\/nadia-uberti-home1-683x1024-266x400.jpg 266w\" sizes=\"auto, (max-width: 1293px) 100vw, 1293px\" \/>    \n        <\/div>\n    <!-- \/image-wrap -->\n    \n        <div class=\"image-content\">\n                    <h4 class=\"image-title\">\n                                    NADIA                            <\/h4>\n                        <div class=\"image-caption tb_text_wrap\">\n            Serviceleiterin \/ Inhaberin        <\/div>\n        <!-- \/image-caption -->\n            <\/div>\n    <!-- \/image-content -->\n        <\/div>\n<!-- \/module image -->        <\/div>\n                    <div  data-lazy=\"1\" class=\"module_column tb-column col5-1 tb_5nrf601\">\n                    <!-- module image -->\n<div  class=\"module module-image tb_cuw1177 image-top rounded  auto_fullwidth tf_mw wow\" data-tf-animation=\"fadeInUp\" data-lazy=\"1\">\n        <div class=\"image-wrap tf_rel tf_mw\">\n            <img loading=\"lazy\" decoding=\"async\" width=\"1706\" height=\"2560\" src=\"https:\/\/al-burnec.com\/wp-content\/uploads\/2024\/10\/al-burnec-linda-scaled.jpg\" class=\"wp-post-image wp-image-2054\" title=\"LINDA\" alt=\"Hochzeitsspezialist\" srcset=\"https:\/\/al-burnec.com\/wp-content\/uploads\/2024\/10\/al-burnec-linda-scaled.jpg 1706w, https:\/\/al-burnec.com\/wp-content\/uploads\/2024\/10\/al-burnec-linda-200x300.jpg 200w, https:\/\/al-burnec.com\/wp-content\/uploads\/2024\/10\/al-burnec-linda-683x1024.jpg 683w, https:\/\/al-burnec.com\/wp-content\/uploads\/2024\/10\/al-burnec-linda-768x1152.jpg 768w, https:\/\/al-burnec.com\/wp-content\/uploads\/2024\/10\/al-burnec-linda-133x200.jpg 133w, https:\/\/al-burnec.com\/wp-content\/uploads\/2024\/10\/al-burnec-linda-1024x1536.jpg 1024w, https:\/\/al-burnec.com\/wp-content\/uploads\/2024\/10\/al-burnec-linda-1365x2048.jpg 1365w\" sizes=\"auto, (max-width: 1706px) 100vw, 1706px\" \/>    \n        <\/div>\n    <!-- \/image-wrap -->\n    \n        <div class=\"image-content\">\n                    <h4 class=\"image-title\">\n                                    LINDA                            <\/h4>\n                        <div class=\"image-caption tb_text_wrap\">\n            Hochzeitsspezialist        <\/div>\n        <!-- \/image-caption -->\n            <\/div>\n    <!-- \/image-content -->\n        <\/div>\n<!-- \/module image -->        <\/div>\n                    <div  data-lazy=\"1\" class=\"module_column tb-column col5-1 tb_b24r601 last\">\n                    <!-- module image -->\n<div  class=\"module module-image tb_0che970 image-top rounded  auto_fullwidth tf_mw wow\" data-tf-animation=\"fadeInUp\" data-tf-animation_delay=\".3\" data-lazy=\"1\">\n        <div class=\"image-wrap tf_rel tf_mw\">\n            <img loading=\"lazy\" decoding=\"async\" width=\"1707\" height=\"2560\" src=\"https:\/\/al-burnec.com\/wp-content\/uploads\/2024\/10\/al-burnec-lorenzo-scaled.jpg\" class=\"wp-post-image wp-image-2056\" title=\"LORENZO\" alt=\"Reservierungsmanager\" srcset=\"https:\/\/al-burnec.com\/wp-content\/uploads\/2024\/10\/al-burnec-lorenzo-scaled.jpg 1707w, https:\/\/al-burnec.com\/wp-content\/uploads\/2024\/10\/al-burnec-lorenzo-200x300.jpg 200w, https:\/\/al-burnec.com\/wp-content\/uploads\/2024\/10\/al-burnec-lorenzo-683x1024.jpg 683w, https:\/\/al-burnec.com\/wp-content\/uploads\/2024\/10\/al-burnec-lorenzo-768x1152.jpg 768w, https:\/\/al-burnec.com\/wp-content\/uploads\/2024\/10\/al-burnec-lorenzo-133x200.jpg 133w, https:\/\/al-burnec.com\/wp-content\/uploads\/2024\/10\/al-burnec-lorenzo-1024x1536.jpg 1024w, https:\/\/al-burnec.com\/wp-content\/uploads\/2024\/10\/al-burnec-lorenzo-1366x2048.jpg 1366w\" sizes=\"auto, (max-width: 1707px) 100vw, 1707px\" \/>    \n        <\/div>\n    <!-- \/image-wrap -->\n    \n        <div class=\"image-content\">\n                    <h4 class=\"image-title\">\n                                    LORENZO                            <\/h4>\n                        <div class=\"image-caption tb_text_wrap\">\n            Reservierungsmanager        <\/div>\n        <!-- \/image-caption -->\n            <\/div>\n    <!-- \/image-content -->\n        <\/div>\n<!-- \/module image -->        <\/div>\n                        <\/div>\n        <\/div>\n                        <div  data-lazy=\"1\" class=\"module_row themify_builder_row tb_7ab1589 tf_w\">\n                        <div class=\"row_inner col_align_top tb_col_count_1 tf_box tf_rel\">\n                        <div  data-lazy=\"1\" class=\"module_column tb-column col-full tb_x43u700 first\">\n                            <div  data-lazy=\"1\" class=\"module_subrow themify_builder_sub_row tf_w col_align_top tb_col_count_4 tb_cafy870\">\n                <div  data-lazy=\"1\" class=\"module_column sub_column col4-1 tb_7v50989 first\">\n                    <!-- module text -->\n<div  class=\"module module-text tb_d02l907    wow\" data-tf-animation=\"fadeIn\" data-lazy=\"1\">\n        <div  class=\"tb_text_wrap\">\n        <p>10.000+<\/p>    <\/div>\n<\/div>\n<!-- \/module text --><!-- module text -->\n<div  class=\"module module-text tb_o2jq190    wow\" data-tf-animation=\"fadeInUp\" data-lazy=\"1\">\n        <div  class=\"tb_text_wrap\">\n        <h5>G\u00e4ste<\/h5>\n<p>Wir haben \u00fcber 10.000 Personen bei Veranstaltungen und im t\u00e4glichen Restaurantbetrieb bedient und beherbergt.<\/p>    <\/div>\n<\/div>\n<!-- \/module text -->        <\/div>\n                    <div  data-lazy=\"1\" class=\"module_column sub_column col4-1 tb_3d8v079\">\n                    <!-- module text -->\n<div  class=\"module module-text tb_d5yr979    wow\" data-tf-animation=\"fadeIn\" data-tf-animation_delay=\".3\" data-lazy=\"1\">\n        <div  class=\"tb_text_wrap\">\n        <p>19+<\/p>    <\/div>\n<\/div>\n<!-- \/module text --><!-- module text -->\n<div  class=\"module module-text tb_sjli009    wow\" data-tf-animation=\"fadeInUp\" data-tf-animation_delay=\".3\" data-lazy=\"1\">\n        <div  class=\"tb_text_wrap\">\n        <h5>Jahre der Aktivit\u00e4t<\/h5>\n<p>Seit 2005 ist unser Anwesen ge\u00f6ffnet und aktiv. <\/p>    <\/div>\n<\/div>\n<!-- \/module text -->        <\/div>\n                    <div  data-lazy=\"1\" class=\"module_column sub_column col4-1 tb_5967095\">\n                    <!-- module text -->\n<div  class=\"module module-text tb_eeiz077    wow\" data-tf-animation=\"fadeIn\" data-tf-animation_delay=\".6\" data-lazy=\"1\">\n        <div  class=\"tb_text_wrap\">\n        <p>120+<\/p>    <\/div>\n<\/div>\n<!-- \/module text --><!-- module text -->\n<div  class=\"module module-text tb_b5ut099    wow\" data-tf-animation=\"fadeInUp\" data-tf-animation_delay=\".6\" data-lazy=\"1\">\n        <div  class=\"tb_text_wrap\">\n        <h5>Hochzeiten und Veranstaltungen<\/h5>\n<p>Wir haben in den letzten 3 Jahren \u00fcber 120 Hochzeiten organisiert und ausgerichtet.<\/p>    <\/div>\n<\/div>\n<!-- \/module text -->        <\/div>\n                    <div  data-lazy=\"1\" class=\"module_column sub_column col4-1 tb_el4t709 last\">\n                    <!-- module text -->\n<div  class=\"module module-text tb_1lls000    wow\" data-tf-animation=\"fadeIn\" data-tf-animation_delay=\"1\" data-lazy=\"1\">\n        <div  class=\"tb_text_wrap\">\n        <p>20+<\/p>    <\/div>\n<\/div>\n<!-- \/module text --><!-- module text -->\n<div  class=\"module module-text tb_0rxo800    wow\" data-tf-animation=\"fadeInUp\" data-tf-animation_delay=\"1\" data-lazy=\"1\">\n        <div  class=\"tb_text_wrap\">\n        <h5>Personen <\/h5>\n<p>Mehr als 20 Personen arbeiten mit uns zusammen, um all unsere Aktivit\u00e4ten zu erm\u00f6glichen. <\/p>    <\/div>\n<\/div>\n<!-- \/module text -->        <\/div>\n                    <\/div>\n                <\/div>\n                        <\/div>\n        <\/div>\n                        <div  data-css_id=\"0l37008\" data-lazy=\"1\" class=\"module_row themify_builder_row fullheight fullwidth_row_container tb_0l37008 tf_w\">\n            <span  class=\"builder_row_cover tf_abs\" data-lazy=\"1\"><\/span>            <div class=\"row_inner col_align_top tb_col_count_1 tf_box tf_rel\">\n                        <div  data-lazy=\"1\" class=\"module_column tb-column col-full tb_uq29840 first\">\n                    <!-- module text -->\n<div  class=\"module module-text tb_5s89000   \" data-lazy=\"1\">\n        <div  class=\"tb_text_wrap\">\n        <h3><b>Erfahren Sie, wie Sie Ihre ungew\u00f6hnliche Hochzeit organisieren k\u00f6nnen<\/b><\/h3>    <\/div>\n<\/div>\n<!-- \/module text --><!-- module text -->\n<div  class=\"module module-text tb_ipbd000   \" data-lazy=\"1\">\n        <div  class=\"tb_text_wrap\">\n        <p>Wir freuen uns auf Sie!<\/p>    <\/div>\n<\/div>\n<!-- \/module text --><!-- module buttons -->\n<div  class=\"module module-buttons tb_x0jp000 buttons-horizontal solid   circle\" data-lazy=\"1\">\n        <div class=\"module-buttons-item tf_in_flx\">\n                        <a href=\"https:\/\/calendly.com\/al-burnec-marketing\/conosciamoci-meglio\" class=\"ui builder_button tf_in_flx yellow\" target=\"_blank\" rel=\"noopener\">\n                                                Vereinbaren Sie jetzt einen Termin                                        <\/a>\n                <\/div>\n            <\/div>\n<!-- \/module buttons -->\n        <\/div>\n                        <\/div>\n        <\/div>\n                        <div  data-anchor=\"contatti\" data-lazy=\"1\" class=\"module_row themify_builder_row tb_has_section tb_section-contatti tb_qmbh939 tf_w wow\" data-tf-animation=\"fadeInUp\">\n                        <div class=\"row_inner col_align_top tb_col_count_1 tf_box tf_rel\">\n                        <div  data-lazy=\"1\" class=\"module_column tb-column col-full tb_56ci939 first\">\n                    <!-- module text -->\n<div  class=\"module module-text tb_w0wy939   \" data-lazy=\"1\">\n        <div  class=\"tb_text_wrap\">\n        <h2 class=\"p1\">Sind Sie noch nicht bereit f\u00fcr einen Termin? <\/h2>    <\/div>\n<\/div>\n<!-- \/module text --><!-- module text -->\n<div  class=\"module module-text tb_4jza939   \" data-lazy=\"1\">\n        <div  class=\"tb_text_wrap\">\n        <p>Schreiben Sie uns eine E-Mail, um uns etwas \u00fcber sich und Ihre W\u00fcnsche zu erz\u00e4hlen. Wir beantworten Ihnen gerne alle Fragen und kl\u00e4ren jeden Zweifel!  <\/p>    <\/div>\n<\/div>\n<!-- \/module text --><!-- module contact -->\n<div  id=\"tb_il2a939\" class=\"module module-contact tb_il2a939 contact-style1 \" data-lazy=\"1\">\n    \n\t<form class=\"builder-contact\"\n\t\tid=\"tb_il2a939-form\"\n\t\tmethod=\"post\"\n\t\tdata-post-id=\"2320\"\n\t\tdata-element-id=\"il2a939\"\n\t\tdata-orig-id=\"2320\"\n\t>\n    <div class=\"contact-message\"><\/div>\n\t<input type=\"hidden\" id=\"bc_nonce\" name=\"bc_nonce\" value=\"9d757ba260\" \/><input type=\"hidden\" name=\"_wp_http_referer\" value=\"\/de\/wp-json\/wp\/v2\/pages\/2320\" \/>\t<div class=\"builder-contact-fields tf_rel\">\n\t\t    \t\t    <div class=\"builder-contact-field builder-contact-field-name builder-contact-text-field\">\n\t\t\t    <label class=\"control-label\" for=\"tb_il2a939-contact-name\">\n\t\t\t\t\t\t\t\t\t\t<span class=\"tb-label-span\">Name <\/span><span class=\"required\">*<\/span>\t\t\t\t<\/label>\n\t\t\t    <div class=\"control-input tf_rel\">\n\t\t\t\t    \t\t\t\t\t    <input type=\"text\" name=\"contact-name\" placeholder=\"\" id=\"tb_il2a939-contact-name\" value=\"\" class=\"form-control\" required>\n\t\t\t\t    \t\t\t\t    \t\t\t    <\/div>\n\t\t<\/div>\n\t    \n\t\t    \t\t    <div class=\"builder-contact-field builder-contact-field-email builder-contact-text-field\">\n\t\t\t    <label class=\"control-label\" for=\"tb_il2a939-contact-email\">\n\t\t\t\t\t\t\t\t\t\t<span class=\"tb-label-span\">E-Mail <\/span><span class=\"required\">*<\/span>\t\t\t\t<\/label>\n\t\t\t    <div class=\"control-input tf_rel\">\n\t\t\t\t    \t\t\t\t\t    <input type=\"email\" name=\"contact-email\" placeholder=\"\" id=\"tb_il2a939-contact-email\" value=\"\" class=\"form-control\" required>\n\t\t\t\t    \t\t\t\t    \t\t\t    <\/div>\n\t\t<\/div>\n\t    \n\t\t    \t\t    \t\t    <div class=\"builder-contact-field builder-contact-field-extra builder-contact-text-field builder-contact-tel-field\">\n\t\t\t\t\n\t\t\t\t<label class=\"control-label\" for=\"field_extra_tb_il2a939_0\">\n\t\t\t\t\t\n\t\t\t\t\tTelefon\t\t\t\t\t\t\t\t\t\t\t<input type=\"hidden\" name=\"field_extra_name_0\" value=\"Telefon\">\n\t\t\t\t\t\t\t\t\t\t\t<span class=\"required\">*<\/span>\n\t\t\t\t\t\t\t\t\t<\/label>\n\t\t\t\t<div class=\"control-input tf_rel\">\n\t\t\t\t\t\t\t\t\t\t\t<input type=\"tel\" name=\"field_extra_0\" id=\"field_extra_tb_il2a939_0\" placeholder=\"\" class=\"form-control\" required>\n\t\t\t\t\t\n\t\t\t\t\t\t\t\t\t<\/div>\n\t\t    <\/div>\n\t    \n\t\t    \t\t    <div class=\"builder-contact-field builder-contact-field-subject builder-contact-text-field\">\n\t\t\t    <label class=\"control-label\" for=\"tb_il2a939-contact-subject\">\n\t\t\t\t\t\t\t\t\t\t<span class=\"tb-label-span\">Betreff <\/span>\t\t\t\t<\/label>\n\t\t\t    <div class=\"control-input tf_rel\">\n\t\t\t\t    \t\t\t\t\t    <input type=\"text\" name=\"contact-subject\" placeholder=\"Informationen zu Hochzeiten\" id=\"tb_il2a939-contact-subject\" value=\"\" class=\"form-control\" >\n\t\t\t\t    \t\t\t\t    \t\t\t    <\/div>\n\t\t<\/div>\n\t    \n\t\t    \t\t    <div class=\"builder-contact-field builder-contact-field-message builder-contact-textarea-field\">\n\t\t\t    <label class=\"control-label\" for=\"tb_il2a939-contact-message\">\n\t\t\t\t\t\t\t\t\t\t<span class=\"tb-label-span\">Nachricht  <\/span><span class=\"required\">*<\/span>\t\t\t\t<\/label>\n\t\t\t    <div class=\"control-input tf_rel\">\n\t\t\t\t    \t\t\t\t\t    <textarea name=\"contact-message\" placeholder=\"Hallo, wir planen unsere Hochzeit und w\u00fcrden gerne mehr Informationen \u00fcber Ihre Location erhalten. Vielen Dank! \" id=\"tb_il2a939-contact-message\" class=\"form-control\" required><\/textarea>\n\t\t\t\t    \t\t\t\t    \t\t\t    <\/div>\n\t\t<\/div>\n\t    \n\t\t    \t\t\n\t\t\t\t\t<div class=\"builder-contact-field builder-contact-field-gdpr\">\n\t\t\t\t<div class=\"control-label\">\n\t\t\t\t\t<div class=\"control-input tf_rel\">\n\t\t\t\t\t\t<label class=\"field-gdpr\">\n\t\t\t\t\t\t\t<input type=\"checkbox\" name=\"gdpr\" value=\"1\" required>\n\t\t\t\t\t\t\t<span>Ich habe die Datenschutzerkl\u00e4rung gelesen<\/span>\n\t\t\t\t\t\t\t<span class=\"required\">*<\/span>\n\t\t\t\t\t\t<\/label>\n\t\t\t\t\t<\/div>\n\t\t\t\t<\/div>\n\t\t\t<\/div>\n\t\t\n\t    \t\t\t<div class=\"builder-contact-field builder-contact-field-captcha\">\n\n\t\t\t\t\t\t\t\t\t<label class=\"control-label\">\n\t\t\t\t\t\t<span>Captcha<\/span>\n\t\t\t\t\t\t<span class=\"required\">*<\/span>\n\t\t\t\t\t<\/label>\n\t\t\t\t\n\t\t\t\t<div class=\"control-input tf_rel\">\n                    <div class=\"themify_captcha_field g-recaptcha\" data-sitekey=\"6LfhXjAqAAAAALGHe7fceGMRS24Cu5uxMj9nWHHg\" data-ver=\"v2\"><\/div>\t\t\t\t<\/div>\n\n\t\t\t<\/div><!-- .builder-contact-field-captcha -->\n\t    \n\t    <div class=\"builder-contact-field builder-contact-field-send control-input tf_textl tf_clear tf_rel\">\n\t\t\t<button type=\"submit\" class=\"btn btn-primary\">\n\t\t\t\t<span class=\"tf_loader\"><\/span>\t\t\t\t<span class=\"tf_submit_icon\"><\/span> \n\t\t\t\tSenden \t\t\t<\/button>\n\t    <\/div>\n\t<\/div>\n    <\/form>\n    <\/div>\n<!-- \/module contact -->\n        <\/div>\n                        <\/div>\n        <\/div>\n        <\/div>\n<!--\/themify_builder_content-->","protected":false},"excerpt":{"rendered":"<p>Ungew\u00f6hnliche HochzeitenFinden Sie mit uns heraus, worum es geht Wenn Sie eine ungew\u00f6hnliche Hochzeit in Franciacorta suchen, abseits der Norm, von Einheitszeremonien und \u201ebereits gesehenen\u201c Empf\u00e4ngen, ist Al Burnec der perfekte Rahmen f\u00fcr Sie. Unser Agriturismo in Adro, im Herzen der Franciacorta, beherbergt ungew\u00f6hnliche Hochzeiten f\u00fcr Paare, die es wagen wollen: symbolische Rituale, originelle Kulissen, [&hellip;]<\/p>\n","protected":false},"author":1,"featured_media":0,"parent":0,"menu_order":0,"comment_status":"closed","ping_status":"closed","template":"","meta":{"footnotes":""},"class_list":["post-2320","page","type-page","status-publish","hentry","has-post-title","has-post-date","has-post-category","has-post-tag","has-post-comment","has-post-author",""],"aioseo_notices":[],"builder_content":"<h1> <\/h1>\n<h2>Ungew\u00f6hnliche Hochzeiten<br\/>Finden Sie mit uns heraus, worum es geht<\/h2>\n<p>Wenn Sie eine <b>ungew\u00f6hnliche Hochzeit in Franciacorta<\/b> suchen, abseits der Norm, von Einheitszeremonien und \u201ebereits gesehenen\u201c Empf\u00e4ngen, ist Al Burnec der perfekte Rahmen f\u00fcr Sie.<\/p> <p>Unser Agriturismo in <b>Adro<\/b>, im Herzen der Franciacorta, beherbergt ungew\u00f6hnliche Hochzeiten f\u00fcr Paare, die es wagen wollen: symbolische Rituale, originelle Kulissen, ma\u00dfgeschneiderte Formate.<\/p>\n<img src=\"https:\/\/al-burnec.com\/wp-content\/uploads\/2025\/06\/2149003488.jpg\" title=\"2149003488\" alt=\"2149003488\" srcset=\"https:\/\/al-burnec.com\/wp-content\/uploads\/2025\/06\/2149003488.jpg 1500w, https:\/\/al-burnec.com\/wp-content\/uploads\/2025\/06\/2149003488-300x200.jpg 300w, https:\/\/al-burnec.com\/wp-content\/uploads\/2025\/06\/2149003488-1024x683.jpg 1024w, https:\/\/al-burnec.com\/wp-content\/uploads\/2025\/06\/2149003488-768x512.jpg 768w, https:\/\/al-burnec.com\/wp-content\/uploads\/2025\/06\/2149003488-200x133.jpg 200w\" sizes=\"(max-width: 1500px) 100vw, 1500px\" \/>\n<h2>Ein ma\u00dfgeschneidertes Unusual Wedding, zwischen Natur und Authentizit\u00e4t<\/h2>\n<p>Ein <b>Unusual Wedding in Franciacorta<\/b> bedeutet:<\/p> <ul> <li> <p>Ja sagen zwischen den Weinbergen bei Sonnenuntergang,<\/p> <\/li> <li> <p>einen Themenempfang erleben, der Ihre Geschichte erz\u00e4hlt,<\/p> <\/li> <li> <p>einzigartige Rituale w\u00e4hlen wie den Besensprung, den Toast mit Geschirrbruch oder ein Konzert unter den Sternen.<\/p> <\/li> <\/ul> <p>Und all das ohne Zwang: nur das, was Sie wirklich repr\u00e4sentiert.<\/p>\n<h3>Perfekte Location f\u00fcr ungew\u00f6hnliche Hochzeiten in der N\u00e4he von Brescia<\/h3> <p>Unser Agriturismo ist:<\/p> <ul> <li> <p>leicht erreichbar von <b>Brescia<\/b>, <b>Bergamo<\/b>, <b>Mailand<\/b>,<\/p> <\/li> <li> <p>eingebettet in die Natur der Franciacorta,<\/p> <\/li> <li> <p>eine der wenigen Locations, die es Ihnen erm\u00f6glicht, eine <b>ungew\u00f6hnliche Hochzeit in Adro<\/b> zu realisieren, mit der M\u00f6glichkeit einer standesamtlichen, symbolischen oder spirituellen Zeremonie.<\/p> <\/li> <\/ul>\n<img src=\"https:\/\/al-burnec.com\/wp-content\/uploads\/2025\/06\/10442.jpg\" title=\"10442\" alt=\"10442\" srcset=\"https:\/\/al-burnec.com\/wp-content\/uploads\/2025\/06\/10442.jpg 1500w, https:\/\/al-burnec.com\/wp-content\/uploads\/2025\/06\/10442-300x200.jpg 300w, https:\/\/al-burnec.com\/wp-content\/uploads\/2025\/06\/10442-1024x683.jpg 1024w, https:\/\/al-burnec.com\/wp-content\/uploads\/2025\/06\/10442-768x512.jpg 768w, https:\/\/al-burnec.com\/wp-content\/uploads\/2025\/06\/10442-200x133.jpg 200w\" sizes=\"(max-width: 1500px) 100vw, 1500px\" \/>\n<img src=\"https:\/\/al-burnec.com\/wp-content\/uploads\/2025\/06\/6652.jpg\" title=\"6652\" alt=\"6652\" srcset=\"https:\/\/al-burnec.com\/wp-content\/uploads\/2025\/06\/6652.jpg 1500w, https:\/\/al-burnec.com\/wp-content\/uploads\/2025\/06\/6652-300x200.jpg 300w, https:\/\/al-burnec.com\/wp-content\/uploads\/2025\/06\/6652-1024x683.jpg 1024w, https:\/\/al-burnec.com\/wp-content\/uploads\/2025\/06\/6652-768x512.jpg 768w, https:\/\/al-burnec.com\/wp-content\/uploads\/2025\/06\/6652-200x133.jpg 200w\" sizes=\"(max-width: 1500px) 100vw, 1500px\" \/>\n<h3>Ideen f\u00fcr Ihr Unusual Wedding in Franciacorta<\/h3> <p>Hier sind einige Ideen, die wir bereits umgesetzt haben:<\/p> <ul> <li> <p>Hochzeiten im Kino- und Theater-Thema im Agriturismo<\/p> <\/li> <li> <p>Zeremonien inspiriert von Musikfestivals<\/p> <\/li> <li> <p>Country-Chic-Empf\u00e4nge mit handgemachten Dekorationen<\/p> <\/li> <li> <p>Weekend-Hochzeit mit Unterkunft und Aktivit\u00e4ten f\u00fcr die G\u00e4ste<\/p> <\/li> <\/ul>\n<h2>Unser Team<br\/>Bereit, Ihre W\u00fcnsche zu erf\u00fcllen<\/h2>\n<img src=\"https:\/\/al-burnec.com\/wp-content\/uploads\/2024\/10\/al-burnec-mattia-profile.jpg\" title=\"MATTIA\" alt=\"Chefkoch\" srcset=\"https:\/\/al-burnec.com\/wp-content\/uploads\/2024\/10\/al-burnec-mattia-profile.jpg 1600w, https:\/\/al-burnec.com\/wp-content\/uploads\/2024\/10\/al-burnec-mattia-profile-200x300.jpg 200w, https:\/\/al-burnec.com\/wp-content\/uploads\/2024\/10\/al-burnec-mattia-profile-683x1024.jpg 683w, https:\/\/al-burnec.com\/wp-content\/uploads\/2024\/10\/al-burnec-mattia-profile-768x1152.jpg 768w, https:\/\/al-burnec.com\/wp-content\/uploads\/2024\/10\/al-burnec-mattia-profile-133x200.jpg 133w, https:\/\/al-burnec.com\/wp-content\/uploads\/2024\/10\/al-burnec-mattia-profile-1024x1536.jpg 1024w, https:\/\/al-burnec.com\/wp-content\/uploads\/2024\/10\/al-burnec-mattia-profile-1365x2048.jpg 1365w\" sizes=\"(max-width: 1600px) 100vw, 1600px\" \/> <h4> MATTIA <\/h4> Chefkoch\n<img src=\"https:\/\/al-burnec.com\/wp-content\/uploads\/2024\/10\/Al-Burnec-matteo-profile.jpg\" title=\"MATTEO\" alt=\"Souschef\" srcset=\"https:\/\/al-burnec.com\/wp-content\/uploads\/2024\/10\/Al-Burnec-matteo-profile.jpg 1600w, https:\/\/al-burnec.com\/wp-content\/uploads\/2024\/10\/Al-Burnec-matteo-profile-200x300.jpg 200w, https:\/\/al-burnec.com\/wp-content\/uploads\/2024\/10\/Al-Burnec-matteo-profile-682x1024.jpg 682w, https:\/\/al-burnec.com\/wp-content\/uploads\/2024\/10\/Al-Burnec-matteo-profile-768x1152.jpg 768w, https:\/\/al-burnec.com\/wp-content\/uploads\/2024\/10\/Al-Burnec-matteo-profile-133x200.jpg 133w, https:\/\/al-burnec.com\/wp-content\/uploads\/2024\/10\/Al-Burnec-matteo-profile-1024x1536.jpg 1024w, https:\/\/al-burnec.com\/wp-content\/uploads\/2024\/10\/Al-Burnec-matteo-profile-1365x2048.jpg 1365w\" sizes=\"(max-width: 1600px) 100vw, 1600px\" \/> <h4> MATTEO <\/h4> Souschef\n<img src=\"https:\/\/al-burnec.com\/wp-content\/uploads\/2024\/10\/nadia-uberti-home1.jpg\" title=\"NADIA\" alt=\"Serviceleiterin \/ Inhaberin\" srcset=\"https:\/\/al-burnec.com\/wp-content\/uploads\/2024\/10\/nadia-uberti-home1.jpg 1293w, https:\/\/al-burnec.com\/wp-content\/uploads\/2024\/10\/nadia-uberti-home1-200x300.jpg 200w, https:\/\/al-burnec.com\/wp-content\/uploads\/2024\/10\/nadia-uberti-home1-683x1024.jpg 683w, https:\/\/al-burnec.com\/wp-content\/uploads\/2024\/10\/nadia-uberti-home1-768x1152.jpg 768w, https:\/\/al-burnec.com\/wp-content\/uploads\/2024\/10\/nadia-uberti-home1-133x200.jpg 133w, https:\/\/al-burnec.com\/wp-content\/uploads\/2024\/10\/nadia-uberti-home1-1024x1536.jpg 1024w, https:\/\/al-burnec.com\/wp-content\/uploads\/2024\/10\/nadia-uberti-home1-683x1024-266x400.jpg 266w\" sizes=\"(max-width: 1293px) 100vw, 1293px\" \/> <h4> NADIA <\/h4> Serviceleiterin \/ Inhaberin\n<img src=\"https:\/\/al-burnec.com\/wp-content\/uploads\/2024\/10\/al-burnec-linda-scaled.jpg\" title=\"LINDA\" alt=\"Hochzeitsspezialist\" srcset=\"https:\/\/al-burnec.com\/wp-content\/uploads\/2024\/10\/al-burnec-linda-scaled.jpg 1706w, https:\/\/al-burnec.com\/wp-content\/uploads\/2024\/10\/al-burnec-linda-200x300.jpg 200w, https:\/\/al-burnec.com\/wp-content\/uploads\/2024\/10\/al-burnec-linda-683x1024.jpg 683w, https:\/\/al-burnec.com\/wp-content\/uploads\/2024\/10\/al-burnec-linda-768x1152.jpg 768w, https:\/\/al-burnec.com\/wp-content\/uploads\/2024\/10\/al-burnec-linda-133x200.jpg 133w, https:\/\/al-burnec.com\/wp-content\/uploads\/2024\/10\/al-burnec-linda-1024x1536.jpg 1024w, https:\/\/al-burnec.com\/wp-content\/uploads\/2024\/10\/al-burnec-linda-1365x2048.jpg 1365w\" sizes=\"(max-width: 1706px) 100vw, 1706px\" \/> <h4> LINDA <\/h4> Hochzeitsspezialist\n<img src=\"https:\/\/al-burnec.com\/wp-content\/uploads\/2024\/10\/al-burnec-lorenzo-scaled.jpg\" title=\"LORENZO\" alt=\"Reservierungsmanager\" srcset=\"https:\/\/al-burnec.com\/wp-content\/uploads\/2024\/10\/al-burnec-lorenzo-scaled.jpg 1707w, https:\/\/al-burnec.com\/wp-content\/uploads\/2024\/10\/al-burnec-lorenzo-200x300.jpg 200w, https:\/\/al-burnec.com\/wp-content\/uploads\/2024\/10\/al-burnec-lorenzo-683x1024.jpg 683w, https:\/\/al-burnec.com\/wp-content\/uploads\/2024\/10\/al-burnec-lorenzo-768x1152.jpg 768w, https:\/\/al-burnec.com\/wp-content\/uploads\/2024\/10\/al-burnec-lorenzo-133x200.jpg 133w, https:\/\/al-burnec.com\/wp-content\/uploads\/2024\/10\/al-burnec-lorenzo-1024x1536.jpg 1024w, https:\/\/al-burnec.com\/wp-content\/uploads\/2024\/10\/al-burnec-lorenzo-1366x2048.jpg 1366w\" sizes=\"(max-width: 1707px) 100vw, 1707px\" \/> <h4> LORENZO <\/h4> Reservierungsmanager\n<p>10.000+<\/p>\n<h5>G\u00e4ste<\/h5> <p>Wir haben \u00fcber 10.000 Personen bei Veranstaltungen und im t\u00e4glichen Restaurantbetrieb bedient und beherbergt.<\/p>\n<p>19+<\/p>\n<h5>Jahre der Aktivit\u00e4t<\/h5> <p>Seit 2005 ist unser Anwesen ge\u00f6ffnet und aktiv. <\/p>\n<p>120+<\/p>\n<h5>Hochzeiten und Veranstaltungen<\/h5> <p>Wir haben in den letzten 3 Jahren \u00fcber 120 Hochzeiten organisiert und ausgerichtet.<\/p>\n<p>20+<\/p>\n<h5>Personen <\/h5> <p>Mehr als 20 Personen arbeiten mit uns zusammen, um all unsere Aktivit\u00e4ten zu erm\u00f6glichen. <\/p>\n<h3><b>Erfahren Sie, wie Sie Ihre ungew\u00f6hnliche Hochzeit organisieren k\u00f6nnen<\/b><\/h3>\n<p>Wir freuen uns auf Sie!<\/p>\n<a href=\"https:\/\/calendly.com\/al-burnec-marketing\/conosciamoci-meglio\" target=\"_blank\" rel=\"noopener\"> Vereinbaren Sie jetzt einen Termin <\/a>\n<h2>Sind Sie noch nicht bereit f\u00fcr einen Termin? <\/h2>\n<p>Schreiben Sie uns eine E-Mail, um uns etwas \u00fcber sich und Ihre W\u00fcnsche zu erz\u00e4hlen. Wir beantworten Ihnen gerne alle Fragen und kl\u00e4ren jeden Zweifel! <\/p>\n<form id=\"tb_il2a939-form\" method=\"post\" data-post-id=\"0\" data-element-id=\"il2a939\" data-orig-id=\"2320\" > <input type=\"hidden\" id=\"bc_nonce\" name=\"bc_nonce\" value=\"9d757ba260\" \/><input type=\"hidden\" name=\"_wp_http_referer\" value=\"\/de\/wp-json\/wp\/v2\/pages\/2320\" \/> <label for=\"tb_il2a939-contact-name\"> Name * <\/label> <input type=\"text\" name=\"contact-name\" placeholder=\"\" id=\"tb_il2a939-contact-name\" value=\"\" required> <label for=\"tb_il2a939-contact-email\"> E-Mail * <\/label> <input type=\"email\" name=\"contact-email\" placeholder=\"\" id=\"tb_il2a939-contact-email\" value=\"\" required> <label for=\"field_extra_tb_il2a939_0\"> Telefon <input type=\"hidden\" name=\"field_extra_name_0\" value=\"Telefon\"> * <\/label> <input type=\"tel\" name=\"field_extra_0\" id=\"field_extra_tb_il2a939_0\" placeholder=\"\" required> <label for=\"tb_il2a939-contact-subject\"> Betreff <\/label> <input type=\"text\" name=\"contact-subject\" placeholder=\"Informationen zu Hochzeiten\" id=\"tb_il2a939-contact-subject\" value=\"\" > <label for=\"tb_il2a939-contact-message\"> Nachricht * <\/label> <textarea name=\"contact-message\" placeholder=\"Hallo, wir planen unsere Hochzeit und w\u00fcrden gerne mehr Informationen \u00fcber Ihre Location erhalten. Vielen Dank! \" id=\"tb_il2a939-contact-message\" required><\/textarea> <label> <input type=\"checkbox\" name=\"gdpr\" value=\"1\" required> Ich habe die Datenschutzerkl\u00e4rung gelesen * <\/label> \n <label> Captcha * <\/label> \n <button type=\"submit\"> Senden <\/button> <\/form>","_links":{"self":[{"href":"https:\/\/al-burnec.com\/de\/wp-json\/wp\/v2\/pages\/2320","targetHints":{"allow":["GET"]}}],"collection":[{"href":"https:\/\/al-burnec.com\/de\/wp-json\/wp\/v2\/pages"}],"about":[{"href":"https:\/\/al-burnec.com\/de\/wp-json\/wp\/v2\/types\/page"}],"author":[{"embeddable":true,"href":"https:\/\/al-burnec.com\/de\/wp-json\/wp\/v2\/users\/1"}],"replies":[{"embeddable":true,"href":"https:\/\/al-burnec.com\/de\/wp-json\/wp\/v2\/comments?post=2320"}],"version-history":[{"count":6,"href":"https:\/\/al-burnec.com\/de\/wp-json\/wp\/v2\/pages\/2320\/revisions"}],"predecessor-version":[{"id":2339,"href":"https:\/\/al-burnec.com\/de\/wp-json\/wp\/v2\/pages\/2320\/revisions\/2339"}],"wp:attachment":[{"href":"https:\/\/al-burnec.com\/de\/wp-json\/wp\/v2\/media?parent=2320"}],"curies":[{"name":"wp","href":"https:\/\/api.w.org\/{rel}","templated":true}]}}